{"id":25941,"date":"2024-03-05T20:55:06","date_gmt":"2024-03-05T19:55:07","guid":{"rendered":"https:\/\/www.mantasezcaray.com\/?post_type=product&#038;p=25941"},"modified":"2024-03-05T20:58:10","modified_gmt":"2024-03-05T19:58:10","slug":"ref-night-1","status":"publish","type":"product","link":"https:\/\/www.mantasezcaray.com\/fr\/producto\/ref-night-1\/","title":{"rendered":"Ref. Night 1"},"content":{"rendered":"","protected":false},"excerpt":{"rendered":"<p>Couverture en mohair de la derni\u00e8re collection Views, immerg\u00e9e dans des tons violets et bleus qui \u00e9voquent la s\u00e9r\u00e9nit\u00e9 d&rsquo;une nuit froide et enneig\u00e9e \u00e0 Ezcaray.<\/p>\n<p>Cette collection rev\u00eat une signification particuli\u00e8re car elle rend hommage \u00e0 notre grand-p\u00e8re et fondateur bien-aim\u00e9, Cecilio Valga\u00f1\u00f3n. Avec sa frange effiloch\u00e9e caract\u00e9ristique de 20 cm, cette couverture se distingue par son \u00e9l\u00e9gance unique.<\/p>\n<p>Chaque pi\u00e8ce est soigneusement fabriqu\u00e9e \u00e0 la main \u00e0 Ezcaray, pr\u00e9servant non seulement l&rsquo;esth\u00e9tique naturelle, mais aussi l&rsquo;h\u00e9ritage de savoir-faire et de d\u00e9vouement transmis de g\u00e9n\u00e9ration en g\u00e9n\u00e9ration.<\/p>\n","protected":false},"featured_media":25930,"template":"","meta":{"_acf_changed":false,"_editorskit_title_hidden":false,"_editorskit_reading_time":0,"_editorskit_is_block_options_detached":false,"_editorskit_block_options_position":"{}"},"product_brand":[],"product_cat":[190],"product_tag":[],"class_list":{"0":"post-25941","1":"product","2":"type-product","3":"status-publish","4":"has-post-thumbnail","6":"product_cat-couvertures","7":"g4co_collection-views-fr","9":"first","10":"instock","11":"shipping-taxable","12":"product-type-simple"},"acf":[],"yoast_head":"<!-- This site is optimized with the Yoast SEO plugin v27.2 - https:\/\/yoast.com\/product\/yoast-seo-wordpress\/ -->\n<title>Ref. Night 1 - Couvertures - Views - Mantas Ezcaray<\/title>\n<meta name=\"description\" content=\"Couverture en mohair de la derni\u00e8re collection Views, immerg\u00e9e dans des tons violets et bleus qui \u00e9voquent la s\u00e9r\u00e9nit\u00e9 d&#039;une nuit froide et enneig\u00e9e \u00e0 Ezcaray.  Cette collection rev\u00eat une signification particuli\u00e8re car elle rend hommage \u00e0 notre grand-p\u00e8re et fondateur bien-aim\u00e9, Cecilio Valga\u00f1\u00f3n. Avec sa frange effiloch\u00e9e caract\u00e9ristique de 20 cm, cette couverture se distingue par son \u00e9l\u00e9gance unique.  Chaque pi\u00e8ce est soigneusement fabriqu\u00e9e \u00e0 la main \u00e0 Ezcaray, pr\u00e9servant non seulement l&#039;esth\u00e9tique naturelle, mais aussi l&#039;h\u00e9ritage de savoir-faire et de d\u00e9vouement transmis de g\u00e9n\u00e9ration en g\u00e9n\u00e9ration.\" \/>\n<meta name=\"robots\" content=\"index, follow, max-snippet:-1, max-image-preview:large, max-video-preview:-1\" \/>\n<link rel=\"canonical\" href=\"https:\/\/www.mantasezcaray.com\/fr\/producto\/ref-night-1\/\" \/>\n<meta property=\"og:locale\" content=\"fr_FR\" \/>\n<meta property=\"og:type\" content=\"article\" \/>\n<meta property=\"og:title\" content=\"Ref. Night 1 - Couvertures - Views - Mantas Ezcaray\" \/>\n<meta property=\"og:description\" content=\"Couverture en mohair de la derni\u00e8re collection Views, immerg\u00e9e dans des tons violets et bleus qui \u00e9voquent la s\u00e9r\u00e9nit\u00e9 d&#039;une nuit froide et enneig\u00e9e \u00e0 Ezcaray.  Cette collection rev\u00eat une signification particuli\u00e8re car elle rend hommage \u00e0 notre grand-p\u00e8re et fondateur bien-aim\u00e9, Cecilio Valga\u00f1\u00f3n. Avec sa frange effiloch\u00e9e caract\u00e9ristique de 20 cm, cette couverture se distingue par son \u00e9l\u00e9gance unique.  Chaque pi\u00e8ce est soigneusement fabriqu\u00e9e \u00e0 la main \u00e0 Ezcaray, pr\u00e9servant non seulement l&#039;esth\u00e9tique naturelle, mais aussi l&#039;h\u00e9ritage de savoir-faire et de d\u00e9vouement transmis de g\u00e9n\u00e9ration en g\u00e9n\u00e9ration.\" \/>\n<meta property=\"og:url\" content=\"https:\/\/www.mantasezcaray.com\/fr\/producto\/ref-night-1\/\" \/>\n<meta property=\"og:site_name\" content=\"Mantas Ezcaray\" \/>\n<meta property=\"article:publisher\" content=\"http:\/\/www.facebook.com\/pages\/Mantas-Ezcaray\/279923425355139\" \/>\n<meta property=\"article:modified_time\" content=\"2024-03-05T19:58:10+00:00\" \/>\n<meta property=\"og:image\" content=\"https:\/\/www.mantasezcaray.com\/wp-content\/uploads\/2024\/03\/night-1.jpeg\" \/>\n\t<meta property=\"og:image:width\" content=\"1706\" \/>\n\t<meta property=\"og:image:height\" content=\"2558\" \/>\n\t<meta property=\"og:image:type\" content=\"image\/jpeg\" \/>\n<meta name=\"twitter:card\" content=\"summary_large_image\" \/>\n<meta name=\"twitter:site\" content=\"@mantasezcaray\" \/>\n<meta name=\"twitter:label1\" content=\"Dur\u00e9e de lecture estim\u00e9e\" \/>\n\t<meta name=\"twitter:data1\" content=\"1 minute\" \/>\n<script type=\"application\/ld+json\" class=\"yoast-schema-graph\">{\"@context\":\"https:\/\/schema.org\",\"@graph\":[{\"@type\":\"WebPage\",\"@id\":\"https:\/\/www.mantasezcaray.com\/fr\/producto\/ref-night-1\/\",\"url\":\"https:\/\/www.mantasezcaray.com\/fr\/producto\/ref-night-1\/\",\"name\":\"Ref. Night 1 - Couvertures - Views - Mantas Ezcaray\",\"isPartOf\":{\"@id\":\"https:\/\/www.mantasezcaray.com\/fr\/#website\"},\"primaryImageOfPage\":{\"@id\":\"https:\/\/www.mantasezcaray.com\/fr\/producto\/ref-night-1\/#primaryimage\"},\"image\":{\"@id\":\"https:\/\/www.mantasezcaray.com\/fr\/producto\/ref-night-1\/#primaryimage\"},\"thumbnailUrl\":\"https:\/\/www.mantasezcaray.com\/wp-content\/uploads\/2024\/03\/night-1.jpeg\",\"datePublished\":\"2024-03-05T19:55:07+00:00\",\"dateModified\":\"2024-03-05T19:58:10+00:00\",\"description\":\"Couverture en mohair de la derni\u00e8re collection Views, immerg\u00e9e dans des tons violets et bleus qui \u00e9voquent la s\u00e9r\u00e9nit\u00e9 d'une nuit froide et enneig\u00e9e \u00e0 Ezcaray. Cette collection rev\u00eat une signification particuli\u00e8re car elle rend hommage \u00e0 notre grand-p\u00e8re et fondateur bien-aim\u00e9, Cecilio Valga\u00f1\u00f3n. Avec sa frange effiloch\u00e9e caract\u00e9ristique de 20 cm, cette couverture se distingue par son \u00e9l\u00e9gance unique. Chaque pi\u00e8ce est soigneusement fabriqu\u00e9e \u00e0 la main \u00e0 Ezcaray, pr\u00e9servant non seulement l'esth\u00e9tique naturelle, mais aussi l'h\u00e9ritage de savoir-faire et de d\u00e9vouement transmis de g\u00e9n\u00e9ration en g\u00e9n\u00e9ration.\",\"breadcrumb\":{\"@id\":\"https:\/\/www.mantasezcaray.com\/fr\/producto\/ref-night-1\/#breadcrumb\"},\"inLanguage\":\"fr-FR\",\"potentialAction\":[{\"@type\":\"ReadAction\",\"target\":[\"https:\/\/www.mantasezcaray.com\/fr\/producto\/ref-night-1\/\"]}]},{\"@type\":\"ImageObject\",\"inLanguage\":\"fr-FR\",\"@id\":\"https:\/\/www.mantasezcaray.com\/fr\/producto\/ref-night-1\/#primaryimage\",\"url\":\"https:\/\/www.mantasezcaray.com\/wp-content\/uploads\/2024\/03\/night-1.jpeg\",\"contentUrl\":\"https:\/\/www.mantasezcaray.com\/wp-content\/uploads\/2024\/03\/night-1.jpeg\",\"width\":1706,\"height\":2558,\"caption\":\"9\/1\/23 Manta View Night-1, Mantas Ezcaray, Ezcaray (La Rioja), Spain. Photo by James sturcke | sturcke.org\"},{\"@type\":\"BreadcrumbList\",\"@id\":\"https:\/\/www.mantasezcaray.com\/fr\/producto\/ref-night-1\/#breadcrumb\",\"itemListElement\":[{\"@type\":\"ListItem\",\"position\":1,\"name\":\"Inicio\",\"item\":\"https:\/\/www.mantasezcaray.com\/fr\/\"},{\"@type\":\"ListItem\",\"position\":2,\"name\":\"Produits\",\"item\":\"https:\/\/www.mantasezcaray.com\/fr\/produits\/\"},{\"@type\":\"ListItem\",\"position\":3,\"name\":\"Couvertures\",\"item\":\"https:\/\/www.mantasezcaray.com\/fr\/categorie-produits\/couvertures\/\"},{\"@type\":\"ListItem\",\"position\":4,\"name\":\"Ref. Night 1\"}]},{\"@type\":\"WebSite\",\"@id\":\"https:\/\/www.mantasezcaray.com\/fr\/#website\",\"url\":\"https:\/\/www.mantasezcaray.com\/fr\/\",\"name\":\"Mantas Ezcaray\",\"description\":\"Desde 1930 tejiendo el mejor mohair\",\"publisher\":{\"@id\":\"https:\/\/www.mantasezcaray.com\/fr\/#organization\"},\"potentialAction\":[{\"@type\":\"SearchAction\",\"target\":{\"@type\":\"EntryPoint\",\"urlTemplate\":\"https:\/\/www.mantasezcaray.com\/fr\/?s={search_term_string}\"},\"query-input\":{\"@type\":\"PropertyValueSpecification\",\"valueRequired\":true,\"valueName\":\"search_term_string\"}}],\"inLanguage\":\"fr-FR\"},{\"@type\":\"Organization\",\"@id\":\"https:\/\/www.mantasezcaray.com\/fr\/#organization\",\"name\":\"Mantas Ezcaray\",\"url\":\"https:\/\/www.mantasezcaray.com\/fr\/\",\"logo\":{\"@type\":\"ImageObject\",\"inLanguage\":\"fr-FR\",\"@id\":\"https:\/\/www.mantasezcaray.com\/fr\/#\/schema\/logo\/image\/\",\"url\":\"https:\/\/www.mantasezcaray.com\/wp-content\/uploads\/2020\/05\/logo-mantasezcaray-negro-600x400-1.png\",\"contentUrl\":\"https:\/\/www.mantasezcaray.com\/wp-content\/uploads\/2020\/05\/logo-mantasezcaray-negro-600x400-1.png\",\"width\":600,\"height\":400,\"caption\":\"Mantas Ezcaray\"},\"image\":{\"@id\":\"https:\/\/www.mantasezcaray.com\/fr\/#\/schema\/logo\/image\/\"},\"sameAs\":[\"http:\/\/www.facebook.com\/pages\/Mantas-Ezcaray\/279923425355139\",\"https:\/\/x.com\/mantasezcaray\",\"https:\/\/www.instagram.com\/mantasezcaray\/\",\"https:\/\/www.youtube.com\/channel\/UCCYt_HCWxLvImAGnaItH2qQ\"]}]}<\/script>\n<!-- \/ Yoast SEO plugin. -->","yoast_head_json":{"title":"Ref. Night 1 - Couvertures - Views - Mantas Ezcaray","description":"Couverture en mohair de la derni\u00e8re collection Views, immerg\u00e9e dans des tons violets et bleus qui \u00e9voquent la s\u00e9r\u00e9nit\u00e9 d'une nuit froide et enneig\u00e9e \u00e0 Ezcaray.  Cette collection rev\u00eat une signification particuli\u00e8re car elle rend hommage \u00e0 notre grand-p\u00e8re et fondateur bien-aim\u00e9, Cecilio Valga\u00f1\u00f3n. Avec sa frange effiloch\u00e9e caract\u00e9ristique de 20 cm, cette couverture se distingue par son \u00e9l\u00e9gance unique.  Chaque pi\u00e8ce est soigneusement fabriqu\u00e9e \u00e0 la main \u00e0 Ezcaray, pr\u00e9servant non seulement l'esth\u00e9tique naturelle, mais aussi l'h\u00e9ritage de savoir-faire et de d\u00e9vouement transmis de g\u00e9n\u00e9ration en g\u00e9n\u00e9ration.","robots":{"index":"index","follow":"follow","max-snippet":"max-snippet:-1","max-image-preview":"max-image-preview:large","max-video-preview":"max-video-preview:-1"},"canonical":"https:\/\/www.mantasezcaray.com\/fr\/producto\/ref-night-1\/","og_locale":"fr_FR","og_type":"article","og_title":"Ref. Night 1 - Couvertures - Views - Mantas Ezcaray","og_description":"Couverture en mohair de la derni\u00e8re collection Views, immerg\u00e9e dans des tons violets et bleus qui \u00e9voquent la s\u00e9r\u00e9nit\u00e9 d'une nuit froide et enneig\u00e9e \u00e0 Ezcaray.  Cette collection rev\u00eat une signification particuli\u00e8re car elle rend hommage \u00e0 notre grand-p\u00e8re et fondateur bien-aim\u00e9, Cecilio Valga\u00f1\u00f3n. Avec sa frange effiloch\u00e9e caract\u00e9ristique de 20 cm, cette couverture se distingue par son \u00e9l\u00e9gance unique.  Chaque pi\u00e8ce est soigneusement fabriqu\u00e9e \u00e0 la main \u00e0 Ezcaray, pr\u00e9servant non seulement l'esth\u00e9tique naturelle, mais aussi l'h\u00e9ritage de savoir-faire et de d\u00e9vouement transmis de g\u00e9n\u00e9ration en g\u00e9n\u00e9ration.","og_url":"https:\/\/www.mantasezcaray.com\/fr\/producto\/ref-night-1\/","og_site_name":"Mantas Ezcaray","article_publisher":"http:\/\/www.facebook.com\/pages\/Mantas-Ezcaray\/279923425355139","article_modified_time":"2024-03-05T19:58:10+00:00","og_image":[{"width":1706,"height":2558,"url":"https:\/\/www.mantasezcaray.com\/wp-content\/uploads\/2024\/03\/night-1.jpeg","type":"image\/jpeg"}],"twitter_card":"summary_large_image","twitter_site":"@mantasezcaray","twitter_misc":{"Dur\u00e9e de lecture estim\u00e9e":"1 minute"},"schema":{"@context":"https:\/\/schema.org","@graph":[{"@type":"WebPage","@id":"https:\/\/www.mantasezcaray.com\/fr\/producto\/ref-night-1\/","url":"https:\/\/www.mantasezcaray.com\/fr\/producto\/ref-night-1\/","name":"Ref. Night 1 - Couvertures - Views - Mantas Ezcaray","isPartOf":{"@id":"https:\/\/www.mantasezcaray.com\/fr\/#website"},"primaryImageOfPage":{"@id":"https:\/\/www.mantasezcaray.com\/fr\/producto\/ref-night-1\/#primaryimage"},"image":{"@id":"https:\/\/www.mantasezcaray.com\/fr\/producto\/ref-night-1\/#primaryimage"},"thumbnailUrl":"https:\/\/www.mantasezcaray.com\/wp-content\/uploads\/2024\/03\/night-1.jpeg","datePublished":"2024-03-05T19:55:07+00:00","dateModified":"2024-03-05T19:58:10+00:00","description":"Couverture en mohair de la derni\u00e8re collection Views, immerg\u00e9e dans des tons violets et bleus qui \u00e9voquent la s\u00e9r\u00e9nit\u00e9 d'une nuit froide et enneig\u00e9e \u00e0 Ezcaray. Cette collection rev\u00eat une signification particuli\u00e8re car elle rend hommage \u00e0 notre grand-p\u00e8re et fondateur bien-aim\u00e9, Cecilio Valga\u00f1\u00f3n. Avec sa frange effiloch\u00e9e caract\u00e9ristique de 20 cm, cette couverture se distingue par son \u00e9l\u00e9gance unique. Chaque pi\u00e8ce est soigneusement fabriqu\u00e9e \u00e0 la main \u00e0 Ezcaray, pr\u00e9servant non seulement l'esth\u00e9tique naturelle, mais aussi l'h\u00e9ritage de savoir-faire et de d\u00e9vouement transmis de g\u00e9n\u00e9ration en g\u00e9n\u00e9ration.","breadcrumb":{"@id":"https:\/\/www.mantasezcaray.com\/fr\/producto\/ref-night-1\/#breadcrumb"},"inLanguage":"fr-FR","potentialAction":[{"@type":"ReadAction","target":["https:\/\/www.mantasezcaray.com\/fr\/producto\/ref-night-1\/"]}]},{"@type":"ImageObject","inLanguage":"fr-FR","@id":"https:\/\/www.mantasezcaray.com\/fr\/producto\/ref-night-1\/#primaryimage","url":"https:\/\/www.mantasezcaray.com\/wp-content\/uploads\/2024\/03\/night-1.jpeg","contentUrl":"https:\/\/www.mantasezcaray.com\/wp-content\/uploads\/2024\/03\/night-1.jpeg","width":1706,"height":2558,"caption":"9\/1\/23 Manta View Night-1, Mantas Ezcaray, Ezcaray (La Rioja), Spain. Photo by James sturcke | sturcke.org"},{"@type":"BreadcrumbList","@id":"https:\/\/www.mantasezcaray.com\/fr\/producto\/ref-night-1\/#breadcrumb","itemListElement":[{"@type":"ListItem","position":1,"name":"Inicio","item":"https:\/\/www.mantasezcaray.com\/fr\/"},{"@type":"ListItem","position":2,"name":"Produits","item":"https:\/\/www.mantasezcaray.com\/fr\/produits\/"},{"@type":"ListItem","position":3,"name":"Couvertures","item":"https:\/\/www.mantasezcaray.com\/fr\/categorie-produits\/couvertures\/"},{"@type":"ListItem","position":4,"name":"Ref. Night 1"}]},{"@type":"WebSite","@id":"https:\/\/www.mantasezcaray.com\/fr\/#website","url":"https:\/\/www.mantasezcaray.com\/fr\/","name":"Mantas Ezcaray","description":"Desde 1930 tejiendo el mejor mohair","publisher":{"@id":"https:\/\/www.mantasezcaray.com\/fr\/#organization"},"potentialAction":[{"@type":"SearchAction","target":{"@type":"EntryPoint","urlTemplate":"https:\/\/www.mantasezcaray.com\/fr\/?s={search_term_string}"},"query-input":{"@type":"PropertyValueSpecification","valueRequired":true,"valueName":"search_term_string"}}],"inLanguage":"fr-FR"},{"@type":"Organization","@id":"https:\/\/www.mantasezcaray.com\/fr\/#organization","name":"Mantas Ezcaray","url":"https:\/\/www.mantasezcaray.com\/fr\/","logo":{"@type":"ImageObject","inLanguage":"fr-FR","@id":"https:\/\/www.mantasezcaray.com\/fr\/#\/schema\/logo\/image\/","url":"https:\/\/www.mantasezcaray.com\/wp-content\/uploads\/2020\/05\/logo-mantasezcaray-negro-600x400-1.png","contentUrl":"https:\/\/www.mantasezcaray.com\/wp-content\/uploads\/2020\/05\/logo-mantasezcaray-negro-600x400-1.png","width":600,"height":400,"caption":"Mantas Ezcaray"},"image":{"@id":"https:\/\/www.mantasezcaray.com\/fr\/#\/schema\/logo\/image\/"},"sameAs":["http:\/\/www.facebook.com\/pages\/Mantas-Ezcaray\/279923425355139","https:\/\/x.com\/mantasezcaray","https:\/\/www.instagram.com\/mantasezcaray\/","https:\/\/www.youtube.com\/channel\/UCCYt_HCWxLvImAGnaItH2qQ"]}]}},"_links":{"self":[{"href":"https:\/\/www.mantasezcaray.com\/fr\/wp-json\/wp\/v2\/product\/25941","targetHints":{"allow":["GET"]}}],"collection":[{"href":"https:\/\/www.mantasezcaray.com\/fr\/wp-json\/wp\/v2\/product"}],"about":[{"href":"https:\/\/www.mantasezcaray.com\/fr\/wp-json\/wp\/v2\/types\/product"}],"wp:featuredmedia":[{"embeddable":true,"href":"https:\/\/www.mantasezcaray.com\/fr\/wp-json\/wp\/v2\/media\/25930"}],"wp:attachment":[{"href":"https:\/\/www.mantasezcaray.com\/fr\/wp-json\/wp\/v2\/media?parent=25941"}],"wp:term":[{"taxonomy":"product_brand","embeddable":true,"href":"https:\/\/www.mantasezcaray.com\/fr\/wp-json\/wp\/v2\/product_brand?post=25941"},{"taxonomy":"product_cat","embeddable":true,"href":"https:\/\/www.mantasezcaray.com\/fr\/wp-json\/wp\/v2\/product_cat?post=25941"},{"taxonomy":"product_tag","embeddable":true,"href":"https:\/\/www.mantasezcaray.com\/fr\/wp-json\/wp\/v2\/product_tag?post=25941"}],"curies":[{"name":"wp","href":"https:\/\/api.w.org\/{rel}","templated":true}]}}